{"id":15894,"date":"2026-02-24T13:58:22","date_gmt":"2026-02-24T12:58:22","guid":{"rendered":"https:\/\/imk-ema.com\/?post_type=tribe_events&#038;p=15894"},"modified":"2026-04-16T10:30:53","modified_gmt":"2026-04-16T08:30:53","slug":"hannover-trade-fair-world-fair-for-the-manufacturing-industry","status":"publish","type":"tribe_events","link":"https:\/\/imk-ema.com\/en\/event\/hannover-messe-weltmesse-fuer-die-produzierende-industrie\/","title":{"rendered":"Hannover Messe - World trade fair for the manufacturing industry"},"content":{"rendered":"<h2 class=\"my-2 [&amp;+p]:mt-4 [&amp;_strong:has(+br)]:inline-block [&amp;_strong:has(+br)]:pb-2\">Wir sind auf der Hannover Messe 2026 dabei!<\/h2>\n<p class=\"my-2 [&amp;+p]:mt-4 [&amp;_strong:has(+br)]:inline-block [&amp;_strong:has(+br)]:pb-2\">Als Unteraussteller von <strong>PNY Technologies Europe<\/strong> pr\u00e4sentieren wir am <strong>Stand H40 in Halle 14<\/strong>, wie <strong>humanoide Roboter<\/strong> mit der ema Software Suite in Fertigungsprozesse integriert, simuliert und geplant werden.<\/p>\n<p class=\"my-2 [&amp;+p]:mt-4 [&amp;_strong:has(+br)]:inline-block [&amp;_strong:has(+br)]:pb-2\">Gemeinsam mit unseren starken Partnern <strong>EDAG Group, Eurotech und Wortmann AG<\/strong> erwarten Sie <strong>Live-Demos und praxisnahe Einblicke<\/strong> in die Zukunft der digitalen Fabrik.<\/p>\n<p class=\"my-2 [&amp;+p]:mt-4 [&amp;_strong:has(+br)]:inline-block [&amp;_strong:has(+br)]:pb-2\">Erleben Sie hautnah, wie die ema Software Suite Mensch-Roboter-Interaktionen optimiert, ergonomische Prozesse sicherstellt und Ihre Produktion effizienter macht \u2013 von der 3D-Simulation bis zur Risikoanalyse. Entdecken Sie, wie innovative Technologien wie KI und Robotik Ihre Fabrikplanung revolutionieren und nachhaltige Wettbewerbsvorteile schaffen.<\/p>\n<p class=\"my-2 [&amp;+p]:mt-4 [&amp;_strong:has(+br)]:inline-block [&amp;_strong:has(+br)]:pb-2\">Kommen Sie vorbei vom 20. bis 24. April 2026, tauschen Sie sich mit unseren Experten aus und lassen Sie sich von realen Anwendungsf\u00e4llen inspirieren. Wir freuen uns auf inspirierende Gespr\u00e4che und neue Kontakte!<\/p>\n<h3 class=\"my-2 [&amp;+p]:mt-4 [&amp;_strong:has(+br)]:inline-block [&amp;_strong:has(+br)]:pb-2\">Wir laden Sie herzlich ein!<\/h3>\n<p>Melden Sie sich bei uns f\u00fcr ein <strong>kostenloses Fachbesucher-Ticket<\/strong>! Wir laden alle Interessierten gerne kostenlos zur Hannover-Messe ein und statten Sie mit einem Fachbesucher-Ticket aus! Registrieren sie sich einfach \u00fcber diesen Link:<br \/>\n<a href=\"https:\/\/www.hannovermesse.de\/?open=ticketRegistration&amp;code=yFHtj\">https:\/\/www.hannovermesse.de\/?open=ticketRegistration&amp;code=yFHtj<\/a><\/p>\n<p><img fetchpriority=\"high\" decoding=\"async\" class=\"alignnone size-medium wp-image-16180\" src=\"https:\/\/imk-ema.com\/wp-content\/uploads\/2026\/02\/Bild5-293x300.png\" alt=\"\" width=\"293\" height=\"300\" srcset=\"https:\/\/imk-ema.com\/wp-content\/uploads\/2026\/02\/Bild5-293x300.png 293w, https:\/\/imk-ema.com\/wp-content\/uploads\/2026\/02\/Bild5-1000x1024.png 1000w, https:\/\/imk-ema.com\/wp-content\/uploads\/2026\/02\/Bild5-768x786.png 768w, https:\/\/imk-ema.com\/wp-content\/uploads\/2026\/02\/Bild5-12x12.png 12w, https:\/\/imk-ema.com\/wp-content\/uploads\/2026\/02\/Bild5.png 1004w\" sizes=\"(max-width: 293px) 100vw, 293px\" \/><img decoding=\"async\" class=\"alignnone wp-image-16189\" src=\"https:\/\/imk-ema.com\/wp-content\/uploads\/2026\/02\/Bild6-1-300x157.png\" alt=\"\" width=\"571\" height=\"299\" srcset=\"https:\/\/imk-ema.com\/wp-content\/uploads\/2026\/02\/Bild6-1-300x157.png 300w, https:\/\/imk-ema.com\/wp-content\/uploads\/2026\/02\/Bild6-1-1024x536.png 1024w, https:\/\/imk-ema.com\/wp-content\/uploads\/2026\/02\/Bild6-1-768x402.png 768w, https:\/\/imk-ema.com\/wp-content\/uploads\/2026\/02\/Bild6-1-18x9.png 18w, https:\/\/imk-ema.com\/wp-content\/uploads\/2026\/02\/Bild6-1.png 1296w\" sizes=\"(max-width: 571px) 100vw, 571px\" \/><\/p>\n<h3>Think Tech Forward<\/h3>\n<p class=\"my-2 [&amp;+p]:mt-4 [&amp;_strong:has(+br)]:inline-block [&amp;_strong:has(+br)]:pb-2\">Die HANNOVER MESSE 2026 unter dem Motto \u201eThink Tech Forward&#8220; ist vom 20. bis 24. April 2026 die Weltleitmesse f\u00fcr die produzierende Industrie, mit \u00fcber 4.000 internationalen Ausstellern und rund 130.000 erwarteten Fachbesuchern. Wir von der <strong>IMK Industrial Intelligence sind als Unteraussteller bei PNY<\/strong> in <strong>Halle 14, Stand H40<\/strong>\u00a0dabei und zeigen live, wie unsere L\u00f6sungen mit <strong>NVIDIA Omniverse und dem Industrial Metaverse<\/strong> zusammenwirken.<\/p>\n<h3 id=\"was-sie-auf-der-messe-erwartet\" class=\"mb-2 mt-4 [.has-inline-images_&amp;]:clear-end font-editorial font-bold text-lg first:mt-0 md:text-lg [hr+&amp;]:mt-4\">Was Sie auf der Messe erwartet<\/h3>\n<p class=\"my-2 [&amp;+p]:mt-4 [&amp;_strong:has(+br)]:inline-block [&amp;_strong:has(+br)]:pb-2\">Drei klar strukturierte Ausstellungsbereiche b\u00fcndeln die Schl\u00fcsseltechnologien der industriellen Transformation, von Automatisierung und Digitalisierung \u00fcber KI in der Industrie bis zu Energie und Industrieinfrastruktur. Auf der Center Stage diskutieren f\u00fchrende K\u00f6pfe aus Industrie, Politik und Wissenschaft die gro\u00dfen Fragen rund um klimaneutrale Produktion, KI in der industriellen Wertsch\u00f6pfung und technologische Souver\u00e4nit\u00e4t.<\/p>\n<h3 id=\"warum-sie-vorbeikommen-sollten\" class=\"mb-2 mt-4 [.has-inline-images_&amp;]:clear-end font-editorial font-bold text-lg first:mt-0 md:text-lg [hr+&amp;]:mt-4\">Warum Sie vorbeikommen sollten<\/h3>\n<p class=\"my-2 [&amp;+p]:mt-4 [&amp;_strong:has(+br)]:inline-block [&amp;_strong:has(+br)]:pb-2\">Erleben Sie an unserem gemeinsamen Stand mit PNY, wie digitale Fabrikplanung und physikalisch pr\u00e4zise Simulation mit <strong>ema im NVIDIA Omniverse zum Leben erwachen.<\/strong> Treffen Sie unser Team und entdecken Sie praxisnah, wie das Industrial Metaverse Produktionsplanung, Ergonomie und Prozessoptimierung auf ein neues Level hebt.<span class=\"inline-flex\" aria-label=\"pasted-text.txt\" data-state=\"closed\">\u200b<\/span><\/p>\n<p class=\"my-2 [&amp;+p]:mt-4 [&amp;_strong:has(+br)]:inline-block [&amp;_strong:has(+br)]:pb-2\"><strong>Besuchen Sie uns vom 20. bis 24. April 2026 in Halle 14, Stand H40 und erleben Sie die Zukunft der digitalen Fabrik direkt am PNY Stand.<\/strong><\/p>\n","protected":false},"excerpt":{"rendered":"<p>Wir sind auf der Hannover Messe 2026 dabei! Als Unteraussteller von PNY Technologies Europe pr\u00e4sentieren wir am Stand H40 in Halle 14, wie humanoide Roboter mit der ema Software Suite [&hellip;]<\/p>\n","protected":false},"author":799,"featured_media":0,"template":"","meta":{"_acf_changed":false,"inline_featured_image":false,"_tribe_events_status":"","_tribe_events_status_reason":"","footnotes":""},"tags":[],"tribe_events_cat":[77,78,79],"class_list":["post-15894","tribe_events","type-tribe_events","status-publish","hentry","tribe_events_cat-deutsch","tribe_events_cat-englisch","tribe_events_cat-konferenz-messe","cat_deutsch","cat_englisch","cat_konferenz-messe"],"acf":[],"yoast_head":"<!-- This site is optimized with the Yoast SEO plugin v27.4 - https:\/\/yoast.com\/product\/yoast-seo-wordpress\/ -->\n<title>Hannover Messe - Weltmesse f\u00fcr die produzierende Industrie &#8211; ema Software Suite<\/title>\n<meta name=\"robots\" content=\"index, follow, max-snippet:-1, max-image-preview:large, max-video-preview:-1\" \/>\n<link rel=\"canonical\" href=\"https:\/\/imk-ema.com\/en\/event\/hannover-trade-fair-world-fair-for-the-manufacturing-industry\/\" \/>\n<meta property=\"og:locale\" content=\"en_GB\" \/>\n<meta property=\"og:type\" content=\"article\" \/>\n<meta property=\"og:title\" content=\"Hannover Messe - Weltmesse f\u00fcr die produzierende Industrie &#8211; ema Software Suite\" \/>\n<meta property=\"og:description\" content=\"Wir sind auf der Hannover Messe 2026 dabei! Als Unteraussteller von PNY Technologies Europe pr\u00e4sentieren wir am Stand H40 in Halle 14, wie humanoide Roboter mit der ema Software Suite [&hellip;]\" \/>\n<meta property=\"og:url\" content=\"https:\/\/imk-ema.com\/en\/event\/hannover-trade-fair-world-fair-for-the-manufacturing-industry\/\" \/>\n<meta property=\"og:site_name\" content=\"ema Software Suite\" \/>\n<meta property=\"article:publisher\" content=\"https:\/\/www.facebook.com\/imkautomotive\/\" \/>\n<meta property=\"article:modified_time\" content=\"2026-04-16T08:30:53+00:00\" \/>\n<meta property=\"og:image\" content=\"https:\/\/imk-ema.com\/wp-content\/uploads\/2026\/02\/Bild5.png\" \/>\n\t<meta property=\"og:image:width\" content=\"1004\" \/>\n\t<meta property=\"og:image:height\" content=\"1028\" \/>\n\t<meta property=\"og:image:type\" content=\"image\/png\" \/>\n<meta name=\"twitter:card\" content=\"summary_large_image\" \/>\n<meta name=\"twitter:label1\" content=\"Estimated reading time\" \/>\n\t<meta name=\"twitter:data1\" content=\"3 minutes\" \/>\n<script type=\"application\/ld+json\" class=\"yoast-schema-graph\">{\"@context\":\"https:\\\/\\\/schema.org\",\"@graph\":[{\"@type\":\"WebPage\",\"@id\":\"https:\\\/\\\/imk-ema.com\\\/event\\\/hannover-messe-weltmesse-fuer-die-produzierende-industrie\\\/\",\"url\":\"https:\\\/\\\/imk-ema.com\\\/event\\\/hannover-messe-weltmesse-fuer-die-produzierende-industrie\\\/\",\"name\":\"Hannover Messe - Weltmesse f\u00fcr die produzierende Industrie &#8211; ema Software Suite\",\"isPartOf\":{\"@id\":\"https:\\\/\\\/imk-ema.com\\\/#website\"},\"primaryImageOfPage\":{\"@id\":\"https:\\\/\\\/imk-ema.com\\\/event\\\/hannover-messe-weltmesse-fuer-die-produzierende-industrie\\\/#primaryimage\"},\"image\":{\"@id\":\"https:\\\/\\\/imk-ema.com\\\/event\\\/hannover-messe-weltmesse-fuer-die-produzierende-industrie\\\/#primaryimage\"},\"thumbnailUrl\":\"https:\\\/\\\/imk-ema.com\\\/wp-content\\\/uploads\\\/2026\\\/02\\\/Bild5-293x300.png\",\"datePublished\":\"2026-02-24T12:58:22+00:00\",\"dateModified\":\"2026-04-16T08:30:53+00:00\",\"breadcrumb\":{\"@id\":\"https:\\\/\\\/imk-ema.com\\\/event\\\/hannover-messe-weltmesse-fuer-die-produzierende-industrie\\\/#breadcrumb\"},\"inLanguage\":\"en-GB\",\"potentialAction\":[{\"@type\":\"ReadAction\",\"target\":[\"https:\\\/\\\/imk-ema.com\\\/event\\\/hannover-messe-weltmesse-fuer-die-produzierende-industrie\\\/\"]}]},{\"@type\":\"ImageObject\",\"inLanguage\":\"en-GB\",\"@id\":\"https:\\\/\\\/imk-ema.com\\\/event\\\/hannover-messe-weltmesse-fuer-die-produzierende-industrie\\\/#primaryimage\",\"url\":\"https:\\\/\\\/imk-ema.com\\\/wp-content\\\/uploads\\\/2026\\\/02\\\/Bild5-293x300.png\",\"contentUrl\":\"https:\\\/\\\/imk-ema.com\\\/wp-content\\\/uploads\\\/2026\\\/02\\\/Bild5-293x300.png\"},{\"@type\":\"BreadcrumbList\",\"@id\":\"https:\\\/\\\/imk-ema.com\\\/event\\\/hannover-messe-weltmesse-fuer-die-produzierende-industrie\\\/#breadcrumb\",\"itemListElement\":[{\"@type\":\"ListItem\",\"position\":1,\"name\":\"Startseite\",\"item\":\"https:\\\/\\\/imk-ema.com\\\/\"},{\"@type\":\"ListItem\",\"position\":2,\"name\":\"Veranstaltungen\",\"item\":\"https:\\\/\\\/imk-ema.com\\\/events\\\/\"},{\"@type\":\"ListItem\",\"position\":3,\"name\":\"Hannover Messe &#8211; Weltmesse f\u00fcr die produzierende Industrie\"}]},{\"@type\":\"WebSite\",\"@id\":\"https:\\\/\\\/imk-ema.com\\\/#website\",\"url\":\"https:\\\/\\\/imk-ema.com\\\/\",\"name\":\"ema Software Suite\",\"description\":\"Virtual Planning \u2013 Real Value\",\"publisher\":{\"@id\":\"https:\\\/\\\/imk-ema.com\\\/#organization\"},\"alternateName\":\"imk ema\",\"potentialAction\":[{\"@type\":\"SearchAction\",\"target\":{\"@type\":\"EntryPoint\",\"urlTemplate\":\"https:\\\/\\\/imk-ema.com\\\/?s={search_term_string}\"},\"query-input\":{\"@type\":\"PropertyValueSpecification\",\"valueRequired\":true,\"valueName\":\"search_term_string\"}}],\"inLanguage\":\"en-GB\"},{\"@type\":\"Organization\",\"@id\":\"https:\\\/\\\/imk-ema.com\\\/#organization\",\"name\":\"ema Software Suite\",\"alternateName\":\"imk ema\",\"url\":\"https:\\\/\\\/imk-ema.com\\\/\",\"logo\":{\"@type\":\"ImageObject\",\"inLanguage\":\"en-GB\",\"@id\":\"https:\\\/\\\/imk-ema.com\\\/#\\\/schema\\\/logo\\\/image\\\/\",\"url\":\"https:\\\/\\\/imk-ema.com\\\/wp-content\\\/uploads\\\/2023\\\/05\\\/ema_sws_icon.png\",\"contentUrl\":\"https:\\\/\\\/imk-ema.com\\\/wp-content\\\/uploads\\\/2023\\\/05\\\/ema_sws_icon.png\",\"width\":1280,\"height\":1280,\"caption\":\"ema Software Suite\"},\"image\":{\"@id\":\"https:\\\/\\\/imk-ema.com\\\/#\\\/schema\\\/logo\\\/image\\\/\"},\"sameAs\":[\"https:\\\/\\\/www.facebook.com\\\/imkautomotive\\\/\",\"https:\\\/\\\/www.linkedin.com\\\/company\\\/imk-automotive-gmbh\\\/\",\"https:\\\/\\\/www.youtube.com\\\/channel\\\/UC_t8YCZ4V6R4Se1SXZK2_UQ\",\"https:\\\/\\\/www.instagram.com\\\/imk_career\\\/\",\"https:\\\/\\\/www.xing.com\\\/pages\\\/imkautomotivegmbh\"]}]}<\/script>\n<!-- \/ Yoast SEO plugin. -->","yoast_head_json":{"title":"Hannover Messe - World trade fair for the manufacturing industry - ema Software Suite","robots":{"index":"index","follow":"follow","max-snippet":"max-snippet:-1","max-image-preview":"max-image-preview:large","max-video-preview":"max-video-preview:-1"},"canonical":"https:\/\/imk-ema.com\/en\/event\/hannover-trade-fair-world-fair-for-the-manufacturing-industry\/","og_locale":"en_GB","og_type":"article","og_title":"Hannover Messe - Weltmesse f\u00fcr die produzierende Industrie &#8211; ema Software Suite","og_description":"Wir sind auf der Hannover Messe 2026 dabei! Als Unteraussteller von PNY Technologies Europe pr\u00e4sentieren wir am Stand H40 in Halle 14, wie humanoide Roboter mit der ema Software Suite [&hellip;]","og_url":"https:\/\/imk-ema.com\/en\/event\/hannover-trade-fair-world-fair-for-the-manufacturing-industry\/","og_site_name":"ema Software Suite","article_publisher":"https:\/\/www.facebook.com\/imkautomotive\/","article_modified_time":"2026-04-16T08:30:53+00:00","og_image":[{"width":1004,"height":1028,"url":"https:\/\/imk-ema.com\/wp-content\/uploads\/2026\/02\/Bild5.png","type":"image\/png"}],"twitter_card":"summary_large_image","twitter_misc":{"Estimated reading time":"3 minutes"},"schema":{"@context":"https:\/\/schema.org","@graph":[{"@type":"WebPage","@id":"https:\/\/imk-ema.com\/event\/hannover-messe-weltmesse-fuer-die-produzierende-industrie\/","url":"https:\/\/imk-ema.com\/event\/hannover-messe-weltmesse-fuer-die-produzierende-industrie\/","name":"Hannover Messe - World trade fair for the manufacturing industry - ema Software Suite","isPartOf":{"@id":"https:\/\/imk-ema.com\/#website"},"primaryImageOfPage":{"@id":"https:\/\/imk-ema.com\/event\/hannover-messe-weltmesse-fuer-die-produzierende-industrie\/#primaryimage"},"image":{"@id":"https:\/\/imk-ema.com\/event\/hannover-messe-weltmesse-fuer-die-produzierende-industrie\/#primaryimage"},"thumbnailUrl":"https:\/\/imk-ema.com\/wp-content\/uploads\/2026\/02\/Bild5-293x300.png","datePublished":"2026-02-24T12:58:22+00:00","dateModified":"2026-04-16T08:30:53+00:00","breadcrumb":{"@id":"https:\/\/imk-ema.com\/event\/hannover-messe-weltmesse-fuer-die-produzierende-industrie\/#breadcrumb"},"inLanguage":"en-GB","potentialAction":[{"@type":"ReadAction","target":["https:\/\/imk-ema.com\/event\/hannover-messe-weltmesse-fuer-die-produzierende-industrie\/"]}]},{"@type":"ImageObject","inLanguage":"en-GB","@id":"https:\/\/imk-ema.com\/event\/hannover-messe-weltmesse-fuer-die-produzierende-industrie\/#primaryimage","url":"https:\/\/imk-ema.com\/wp-content\/uploads\/2026\/02\/Bild5-293x300.png","contentUrl":"https:\/\/imk-ema.com\/wp-content\/uploads\/2026\/02\/Bild5-293x300.png"},{"@type":"BreadcrumbList","@id":"https:\/\/imk-ema.com\/event\/hannover-messe-weltmesse-fuer-die-produzierende-industrie\/#breadcrumb","itemListElement":[{"@type":"ListItem","position":1,"name":"Startseite","item":"https:\/\/imk-ema.com\/"},{"@type":"ListItem","position":2,"name":"Veranstaltungen","item":"https:\/\/imk-ema.com\/events\/"},{"@type":"ListItem","position":3,"name":"Hannover Messe &#8211; Weltmesse f\u00fcr die produzierende Industrie"}]},{"@type":"WebSite","@id":"https:\/\/imk-ema.com\/#website","url":"https:\/\/imk-ema.com\/","name":"ema Software Suite","description":"Virtual Planning - Real Value","publisher":{"@id":"https:\/\/imk-ema.com\/#organization"},"alternateName":"imk ema","potentialAction":[{"@type":"SearchAction","target":{"@type":"EntryPoint","urlTemplate":"https:\/\/imk-ema.com\/?s={search_term_string}"},"query-input":{"@type":"PropertyValueSpecification","valueRequired":true,"valueName":"search_term_string"}}],"inLanguage":"en-GB"},{"@type":"Organization","@id":"https:\/\/imk-ema.com\/#organization","name":"ema Software Suite","alternateName":"imk ema","url":"https:\/\/imk-ema.com\/","logo":{"@type":"ImageObject","inLanguage":"en-GB","@id":"https:\/\/imk-ema.com\/#\/schema\/logo\/image\/","url":"https:\/\/imk-ema.com\/wp-content\/uploads\/2023\/05\/ema_sws_icon.png","contentUrl":"https:\/\/imk-ema.com\/wp-content\/uploads\/2023\/05\/ema_sws_icon.png","width":1280,"height":1280,"caption":"ema Software Suite"},"image":{"@id":"https:\/\/imk-ema.com\/#\/schema\/logo\/image\/"},"sameAs":["https:\/\/www.facebook.com\/imkautomotive\/","https:\/\/www.linkedin.com\/company\/imk-automotive-gmbh\/","https:\/\/www.youtube.com\/channel\/UC_t8YCZ4V6R4Se1SXZK2_UQ","https:\/\/www.instagram.com\/imk_career\/","https:\/\/www.xing.com\/pages\/imkautomotivegmbh"]}]}},"_links":{"self":[{"href":"https:\/\/imk-ema.com\/en\/wp-json\/wp\/v2\/tribe_events\/15894","targetHints":{"allow":["GET"]}}],"collection":[{"href":"https:\/\/imk-ema.com\/en\/wp-json\/wp\/v2\/tribe_events"}],"about":[{"href":"https:\/\/imk-ema.com\/en\/wp-json\/wp\/v2\/types\/tribe_events"}],"author":[{"embeddable":true,"href":"https:\/\/imk-ema.com\/en\/wp-json\/wp\/v2\/users\/799"}],"version-history":[{"count":7,"href":"https:\/\/imk-ema.com\/en\/wp-json\/wp\/v2\/tribe_events\/15894\/revisions"}],"predecessor-version":[{"id":16356,"href":"https:\/\/imk-ema.com\/en\/wp-json\/wp\/v2\/tribe_events\/15894\/revisions\/16356"}],"wp:attachment":[{"href":"https:\/\/imk-ema.com\/en\/wp-json\/wp\/v2\/media?parent=15894"}],"wp:term":[{"taxonomy":"post_tag","embeddable":true,"href":"https:\/\/imk-ema.com\/en\/wp-json\/wp\/v2\/tags?post=15894"},{"taxonomy":"tribe_events_cat","embeddable":true,"href":"https:\/\/imk-ema.com\/en\/wp-json\/wp\/v2\/tribe_events_cat?post=15894"}],"curies":[{"name":"wp","href":"https:\/\/api.w.org\/{rel}","templated":true}]}}