{"id":15899,"date":"2026-02-24T14:25:53","date_gmt":"2026-02-24T13:25:53","guid":{"rendered":"https:\/\/imk-ema.com\/?post_type=tribe_events&#038;p=15899"},"modified":"2026-04-07T15:22:55","modified_gmt":"2026-04-07T13:22:55","slug":"intertool-2026-austrias-largest-and-most-innovative-b2b-trade-fair-for-the-manufacturing-industry","status":"publish","type":"tribe_events","link":"https:\/\/imk-ema.com\/en\/event\/intertool-2026-oesterreichs-groesste-und-innovativste-b2b-fachmesse-im-bereich-der-produzierenden-industrie\/","title":{"rendered":"Intertool 2026 - Austria's largest and most innovative B2B trade fair in the manufacturing industry"},"content":{"rendered":"<p><img fetchpriority=\"high\" decoding=\"async\" class=\"alignnone wp-image-16202\" src=\"https:\/\/imk-ema.com\/wp-content\/uploads\/2026\/02\/intertool-logo-rgb-72dpi-300x212.jpg\" alt=\"\" width=\"640\" height=\"452\" srcset=\"https:\/\/imk-ema.com\/wp-content\/uploads\/2026\/02\/intertool-logo-rgb-72dpi-300x212.jpg 300w, https:\/\/imk-ema.com\/wp-content\/uploads\/2026\/02\/intertool-logo-rgb-72dpi-1024x724.jpg 1024w, https:\/\/imk-ema.com\/wp-content\/uploads\/2026\/02\/intertool-logo-rgb-72dpi-768x543.jpg 768w, https:\/\/imk-ema.com\/wp-content\/uploads\/2026\/02\/intertool-logo-rgb-72dpi-1536x1086.jpg 1536w, https:\/\/imk-ema.com\/wp-content\/uploads\/2026\/02\/intertool-logo-rgb-72dpi-18x12.jpg 18w, https:\/\/imk-ema.com\/wp-content\/uploads\/2026\/02\/intertool-logo-rgb-72dpi.jpg 1701w\" sizes=\"(max-width: 640px) 100vw, 640px\" \/><\/p>\n<p>Die Intertool 2026 ist \u00d6sterreichs gr\u00f6\u00dfte B2B-Fachmesse f\u00fcr die produzierende Industrie und findet vom 21. bis 24. April in der Messe Wels statt.<\/p>\n<h3>Wir sind dabei!<\/h3>\n<div>\n<div class=\"relative font-sans text-base text-foreground selection:bg-super\/50 selection:text-foreground dark:selection:bg-super\/10 dark:selection:text-super\">\n<div class=\"min-w-0 break-words [word-break:break-word]\">\n<div id=\"markdown-content-1\" class=\"gap-y-md after:clear-both after:block after:content-['']\" dir=\"auto\">\n<div class=\"has-inline-images my-2 first:mt-0 [&amp;:has([data-inline-type=image])+&amp;:has([data-inline-type=image])_[data-inline-type=image]]:hidden [&amp;:has(table)_[data-inline-type=image]]:hidden\">\n<div class=\"prose dark:prose-invert inline leading-relaxed break-words min-w-0 [word-break:break-word] prose-strong:font-bold [&amp;_&gt;*:first-child]:mt-0 [&amp;_&gt;*:last-child]:mb-0\">\n<div data-renderer=\"lm\">\n<p class=\"my-2 [&amp;+p]:mt-4 [&amp;_strong:has(+br)]:inline-block [&amp;_strong:has(+br)]:pb-2\">Wir von imk Industrial Intelligence sind vor Ort: Unser Leiter Fabrik- und Logistikplanung Dr. Andreas Opitz sowie Tony D\u00f6rr geben <strong>Live-Demos zur digitalen Fabrikplanung mit VR-Brille und Motion Capturing.<\/strong><\/p>\n<p class=\"my-2 [&amp;+p]:mt-4 [&amp;_strong:has(+br)]:inline-block [&amp;_strong:has(+br)]:pb-2\">Gemeinsam mit Partner <strong>BM.Engineering GmbH<\/strong> zeigen wir an <strong>Stand\u00a020-1114a<\/strong>, wie Digitalisierung Planungssicherheit schafft \u2013 von Simulation bis Umsetzung.<\/p>\n<p><img decoding=\"async\" class=\"alignnone size-medium wp-image-587\" src=\"https:\/\/imk-ema.com\/wp-content\/uploads\/2023\/08\/vr_4_1_foto-300x227.png\" alt=\"\" width=\"300\" height=\"227\" srcset=\"https:\/\/imk-ema.com\/wp-content\/uploads\/2023\/08\/vr_4_1_foto-300x227.png 300w, https:\/\/imk-ema.com\/wp-content\/uploads\/2023\/08\/vr_4_1_foto.png 748w\" sizes=\"(max-width: 300px) 100vw, 300px\" \/> <img decoding=\"async\" class=\"alignnone wp-image-602\" src=\"https:\/\/imk-ema.com\/wp-content\/uploads\/2023\/08\/vr_3_1-e1717589911744-300x201.png\" alt=\"\" width=\"337\" height=\"226\" srcset=\"https:\/\/imk-ema.com\/wp-content\/uploads\/2023\/08\/vr_3_1-e1717589911744-300x201.png 300w, https:\/\/imk-ema.com\/wp-content\/uploads\/2023\/08\/vr_3_1-e1717589911744-1024x685.png 1024w, https:\/\/imk-ema.com\/wp-content\/uploads\/2023\/08\/vr_3_1-e1717589911744-768x513.png 768w, https:\/\/imk-ema.com\/wp-content\/uploads\/2023\/08\/vr_3_1-e1717589911744-18x12.png 18w, https:\/\/imk-ema.com\/wp-content\/uploads\/2023\/08\/vr_3_1-e1717589911744.png 1077w\" sizes=\"(max-width: 337px) 100vw, 337px\" \/><\/p>\n<\/div>\n<\/div>\n<\/div>\n<\/div>\n<\/div>\n<\/div>\n<\/div>\n<h3 id=\"was-sie-auf-der-intertool-erwartet\" class=\"mb-2 mt-4 [.has-inline-images_&amp;]:clear-end font-editorial font-bold text-lg first:mt-0 md:text-lg [hr+&amp;]:mt-4\">Was Sie auf der Intertool erwartet<\/h3>\n<p class=\"my-2 [&amp;+p]:mt-4 [&amp;_strong:has(+br)]:inline-block [&amp;_strong:has(+br)]:pb-2\">Rund 350 Aussteller pr\u00e4sentieren in den Hallen 20 und 21 ihre Neuheiten f\u00fcr die metallverarbeitende Industrie. Erg\u00e4nzt wird das Ausstellungsprogramm durch eine Content-B\u00fchne mit konkreten Praxisbeispielen und L\u00f6sungen rund um Vernetzung, Digitalisierung und Automatisierung von Fertigungsprozessen. Parallel dazu erweitert die Schweissen das Messeduo inhaltlich um F\u00fcge-, Trenn- und Beschichtungstechnik.<\/p>\n<p><img loading=\"lazy\" decoding=\"async\" class=\"alignnone wp-image-16204\" src=\"https:\/\/imk-ema.com\/wp-content\/uploads\/2026\/02\/download-skillquest1-300x200.jpg\" alt=\"\" width=\"650\" height=\"433\" srcset=\"https:\/\/imk-ema.com\/wp-content\/uploads\/2026\/02\/download-skillquest1-300x200.jpg 300w, https:\/\/imk-ema.com\/wp-content\/uploads\/2026\/02\/download-skillquest1-1024x683.jpg 1024w, https:\/\/imk-ema.com\/wp-content\/uploads\/2026\/02\/download-skillquest1-768x512.jpg 768w, https:\/\/imk-ema.com\/wp-content\/uploads\/2026\/02\/download-skillquest1-1536x1024.jpg 1536w, https:\/\/imk-ema.com\/wp-content\/uploads\/2026\/02\/download-skillquest1-2048x1366.jpg 2048w, https:\/\/imk-ema.com\/wp-content\/uploads\/2026\/02\/download-skillquest1-18x12.jpg 18w\" sizes=\"(max-width: 650px) 100vw, 650px\" \/><\/p>\n<div class=\"relative font-sans text-base text-foreground selection:bg-super\/50 selection:text-foreground dark:selection:bg-super\/10 dark:selection:text-super bg-transparent\">\n<div class=\"min-w-0 break-words [word-break:break-word]\">\n<div id=\"markdown-content-23\" class=\"gap-y-md after:clear-both after:block after:content-['']\" dir=\"auto\">\n<div class=\"has-inline-images my-2 first:mt-0 [&amp;:has([data-inline-type=image])+&amp;:has([data-inline-type=image])_[data-inline-type=image]]:hidden [&amp;:has(table)_[data-inline-type=image]]:hidden\">\n<div>\n<div>\n<div class=\"prose dark:prose-invert inline leading-relaxed break-words min-w-0 [word-break:break-word] prose-strong:font-bold [&amp;_&gt;*:first-child]:mt-0 [&amp;_&gt;*:last-child]:mb-0\">\n<p class=\"my-2 [&amp;+p]:mt-4 [&amp;_strong:has(+br)]:inline-block [&amp;_strong:has(+br)]:pb-2\"><strong>Treffen Sie uns vom 21. bis 24. April 2026 in Wels und erleben Sie digitale Fabrikplanung zum Anfassen.<\/strong><\/p>\n<\/div>\n<\/div>\n<\/div>\n<\/div>\n<\/div>\n<\/div>\n<\/div>\n","protected":false},"excerpt":{"rendered":"<p>Die Intertool 2026 ist \u00d6sterreichs gr\u00f6\u00dfte B2B-Fachmesse f\u00fcr die produzierende Industrie und findet vom 21. bis 24. April in der Messe Wels statt. Wir sind dabei! Wir von imk Industrial [&hellip;]<\/p>\n","protected":false},"author":799,"featured_media":0,"template":"","meta":{"_acf_changed":false,"inline_featured_image":false,"_tribe_events_status":"","_tribe_events_status_reason":"","footnotes":""},"tags":[],"tribe_events_cat":[77,78,79],"class_list":["post-15899","tribe_events","type-tribe_events","status-publish","hentry","tribe_events_cat-deutsch","tribe_events_cat-englisch","tribe_events_cat-konferenz-messe","cat_deutsch","cat_englisch","cat_konferenz-messe"],"acf":[],"yoast_head":"<!-- This site is optimized with the Yoast SEO plugin v27.4 - https:\/\/yoast.com\/product\/yoast-seo-wordpress\/ -->\n<title>Intertool 2026 - \u00d6sterreichs gr\u00f6\u00dfte und innovativste B2B-Fachmesse im Bereich der produzierenden Industrie &#8211; ema Software Suite<\/title>\n<meta name=\"robots\" content=\"index, follow, max-snippet:-1, max-image-preview:large, max-video-preview:-1\" \/>\n<link rel=\"canonical\" href=\"https:\/\/imk-ema.com\/en\/event\/intertool-2026-austrias-largest-and-most-innovative-b2b-trade-fair-for-the-manufacturing-industry\/\" \/>\n<meta property=\"og:locale\" content=\"en_GB\" \/>\n<meta property=\"og:type\" content=\"article\" \/>\n<meta property=\"og:title\" content=\"Intertool 2026 - \u00d6sterreichs gr\u00f6\u00dfte und innovativste B2B-Fachmesse im Bereich der produzierenden Industrie &#8211; ema Software Suite\" \/>\n<meta property=\"og:description\" content=\"Die Intertool 2026 ist \u00d6sterreichs gr\u00f6\u00dfte B2B-Fachmesse f\u00fcr die produzierende Industrie und findet vom 21. bis 24. April in der Messe Wels statt. Wir sind dabei! Wir von imk Industrial [&hellip;]\" \/>\n<meta property=\"og:url\" content=\"https:\/\/imk-ema.com\/en\/event\/intertool-2026-austrias-largest-and-most-innovative-b2b-trade-fair-for-the-manufacturing-industry\/\" \/>\n<meta property=\"og:site_name\" content=\"ema Software Suite\" \/>\n<meta property=\"article:publisher\" content=\"https:\/\/www.facebook.com\/imkautomotive\/\" \/>\n<meta property=\"article:modified_time\" content=\"2026-04-07T13:22:55+00:00\" \/>\n<meta property=\"og:image\" content=\"https:\/\/imk-ema.com\/wp-content\/uploads\/2026\/02\/intertool-logo-rgb-72dpi.jpg\" \/>\n\t<meta property=\"og:image:width\" content=\"1701\" \/>\n\t<meta property=\"og:image:height\" content=\"1203\" \/>\n\t<meta property=\"og:image:type\" content=\"image\/jpeg\" \/>\n<meta name=\"twitter:card\" content=\"summary_large_image\" \/>\n<meta name=\"twitter:label1\" content=\"Estimated reading time\" \/>\n\t<meta name=\"twitter:data1\" content=\"2 minutes\" \/>\n<script type=\"application\/ld+json\" class=\"yoast-schema-graph\">{\"@context\":\"https:\\\/\\\/schema.org\",\"@graph\":[{\"@type\":\"WebPage\",\"@id\":\"https:\\\/\\\/imk-ema.com\\\/event\\\/intertool-2026-oesterreichs-groesste-und-innovativste-b2b-fachmesse-im-bereich-der-produzierenden-industrie\\\/\",\"url\":\"https:\\\/\\\/imk-ema.com\\\/event\\\/intertool-2026-oesterreichs-groesste-und-innovativste-b2b-fachmesse-im-bereich-der-produzierenden-industrie\\\/\",\"name\":\"Intertool 2026 - \u00d6sterreichs gr\u00f6\u00dfte und innovativste B2B-Fachmesse im Bereich der produzierenden Industrie &#8211; ema Software Suite\",\"isPartOf\":{\"@id\":\"https:\\\/\\\/imk-ema.com\\\/#website\"},\"primaryImageOfPage\":{\"@id\":\"https:\\\/\\\/imk-ema.com\\\/event\\\/intertool-2026-oesterreichs-groesste-und-innovativste-b2b-fachmesse-im-bereich-der-produzierenden-industrie\\\/#primaryimage\"},\"image\":{\"@id\":\"https:\\\/\\\/imk-ema.com\\\/event\\\/intertool-2026-oesterreichs-groesste-und-innovativste-b2b-fachmesse-im-bereich-der-produzierenden-industrie\\\/#primaryimage\"},\"thumbnailUrl\":\"https:\\\/\\\/imk-ema.com\\\/wp-content\\\/uploads\\\/2026\\\/02\\\/intertool-logo-rgb-72dpi-300x212.jpg\",\"datePublished\":\"2026-02-24T13:25:53+00:00\",\"dateModified\":\"2026-04-07T13:22:55+00:00\",\"breadcrumb\":{\"@id\":\"https:\\\/\\\/imk-ema.com\\\/event\\\/intertool-2026-oesterreichs-groesste-und-innovativste-b2b-fachmesse-im-bereich-der-produzierenden-industrie\\\/#breadcrumb\"},\"inLanguage\":\"en-GB\",\"potentialAction\":[{\"@type\":\"ReadAction\",\"target\":[\"https:\\\/\\\/imk-ema.com\\\/event\\\/intertool-2026-oesterreichs-groesste-und-innovativste-b2b-fachmesse-im-bereich-der-produzierenden-industrie\\\/\"]}]},{\"@type\":\"ImageObject\",\"inLanguage\":\"en-GB\",\"@id\":\"https:\\\/\\\/imk-ema.com\\\/event\\\/intertool-2026-oesterreichs-groesste-und-innovativste-b2b-fachmesse-im-bereich-der-produzierenden-industrie\\\/#primaryimage\",\"url\":\"https:\\\/\\\/imk-ema.com\\\/wp-content\\\/uploads\\\/2026\\\/02\\\/intertool-logo-rgb-72dpi-300x212.jpg\",\"contentUrl\":\"https:\\\/\\\/imk-ema.com\\\/wp-content\\\/uploads\\\/2026\\\/02\\\/intertool-logo-rgb-72dpi-300x212.jpg\"},{\"@type\":\"BreadcrumbList\",\"@id\":\"https:\\\/\\\/imk-ema.com\\\/event\\\/intertool-2026-oesterreichs-groesste-und-innovativste-b2b-fachmesse-im-bereich-der-produzierenden-industrie\\\/#breadcrumb\",\"itemListElement\":[{\"@type\":\"ListItem\",\"position\":1,\"name\":\"Startseite\",\"item\":\"https:\\\/\\\/imk-ema.com\\\/\"},{\"@type\":\"ListItem\",\"position\":2,\"name\":\"Veranstaltungen\",\"item\":\"https:\\\/\\\/imk-ema.com\\\/events\\\/\"},{\"@type\":\"ListItem\",\"position\":3,\"name\":\"Intertool 2026 &#8211; \u00d6sterreichs gr\u00f6\u00dfte und innovativste B2B-Fachmesse im Bereich der produzierenden Industrie\"}]},{\"@type\":\"WebSite\",\"@id\":\"https:\\\/\\\/imk-ema.com\\\/#website\",\"url\":\"https:\\\/\\\/imk-ema.com\\\/\",\"name\":\"ema Software Suite\",\"description\":\"Virtual Planning \u2013 Real Value\",\"publisher\":{\"@id\":\"https:\\\/\\\/imk-ema.com\\\/#organization\"},\"alternateName\":\"imk ema\",\"potentialAction\":[{\"@type\":\"SearchAction\",\"target\":{\"@type\":\"EntryPoint\",\"urlTemplate\":\"https:\\\/\\\/imk-ema.com\\\/?s={search_term_string}\"},\"query-input\":{\"@type\":\"PropertyValueSpecification\",\"valueRequired\":true,\"valueName\":\"search_term_string\"}}],\"inLanguage\":\"en-GB\"},{\"@type\":\"Organization\",\"@id\":\"https:\\\/\\\/imk-ema.com\\\/#organization\",\"name\":\"ema Software Suite\",\"alternateName\":\"imk ema\",\"url\":\"https:\\\/\\\/imk-ema.com\\\/\",\"logo\":{\"@type\":\"ImageObject\",\"inLanguage\":\"en-GB\",\"@id\":\"https:\\\/\\\/imk-ema.com\\\/#\\\/schema\\\/logo\\\/image\\\/\",\"url\":\"https:\\\/\\\/imk-ema.com\\\/wp-content\\\/uploads\\\/2023\\\/05\\\/ema_sws_icon.png\",\"contentUrl\":\"https:\\\/\\\/imk-ema.com\\\/wp-content\\\/uploads\\\/2023\\\/05\\\/ema_sws_icon.png\",\"width\":1280,\"height\":1280,\"caption\":\"ema Software Suite\"},\"image\":{\"@id\":\"https:\\\/\\\/imk-ema.com\\\/#\\\/schema\\\/logo\\\/image\\\/\"},\"sameAs\":[\"https:\\\/\\\/www.facebook.com\\\/imkautomotive\\\/\",\"https:\\\/\\\/www.linkedin.com\\\/company\\\/imk-automotive-gmbh\\\/\",\"https:\\\/\\\/www.youtube.com\\\/channel\\\/UC_t8YCZ4V6R4Se1SXZK2_UQ\",\"https:\\\/\\\/www.instagram.com\\\/imk_career\\\/\",\"https:\\\/\\\/www.xing.com\\\/pages\\\/imkautomotivegmbh\"]}]}<\/script>\n<!-- \/ Yoast SEO plugin. -->","yoast_head_json":{"title":"Intertool 2026 - Austria's largest and most innovative B2B trade fair in the manufacturing industry - ema Software Suite","robots":{"index":"index","follow":"follow","max-snippet":"max-snippet:-1","max-image-preview":"max-image-preview:large","max-video-preview":"max-video-preview:-1"},"canonical":"https:\/\/imk-ema.com\/en\/event\/intertool-2026-austrias-largest-and-most-innovative-b2b-trade-fair-for-the-manufacturing-industry\/","og_locale":"en_GB","og_type":"article","og_title":"Intertool 2026 - \u00d6sterreichs gr\u00f6\u00dfte und innovativste B2B-Fachmesse im Bereich der produzierenden Industrie &#8211; ema Software Suite","og_description":"Die Intertool 2026 ist \u00d6sterreichs gr\u00f6\u00dfte B2B-Fachmesse f\u00fcr die produzierende Industrie und findet vom 21. bis 24. April in der Messe Wels statt. Wir sind dabei! Wir von imk Industrial [&hellip;]","og_url":"https:\/\/imk-ema.com\/en\/event\/intertool-2026-austrias-largest-and-most-innovative-b2b-trade-fair-for-the-manufacturing-industry\/","og_site_name":"ema Software Suite","article_publisher":"https:\/\/www.facebook.com\/imkautomotive\/","article_modified_time":"2026-04-07T13:22:55+00:00","og_image":[{"width":1701,"height":1203,"url":"https:\/\/imk-ema.com\/wp-content\/uploads\/2026\/02\/intertool-logo-rgb-72dpi.jpg","type":"image\/jpeg"}],"twitter_card":"summary_large_image","twitter_misc":{"Estimated reading time":"2 minutes"},"schema":{"@context":"https:\/\/schema.org","@graph":[{"@type":"WebPage","@id":"https:\/\/imk-ema.com\/event\/intertool-2026-oesterreichs-groesste-und-innovativste-b2b-fachmesse-im-bereich-der-produzierenden-industrie\/","url":"https:\/\/imk-ema.com\/event\/intertool-2026-oesterreichs-groesste-und-innovativste-b2b-fachmesse-im-bereich-der-produzierenden-industrie\/","name":"Intertool 2026 - Austria's largest and most innovative B2B trade fair in the manufacturing industry - ema Software Suite","isPartOf":{"@id":"https:\/\/imk-ema.com\/#website"},"primaryImageOfPage":{"@id":"https:\/\/imk-ema.com\/event\/intertool-2026-oesterreichs-groesste-und-innovativste-b2b-fachmesse-im-bereich-der-produzierenden-industrie\/#primaryimage"},"image":{"@id":"https:\/\/imk-ema.com\/event\/intertool-2026-oesterreichs-groesste-und-innovativste-b2b-fachmesse-im-bereich-der-produzierenden-industrie\/#primaryimage"},"thumbnailUrl":"https:\/\/imk-ema.com\/wp-content\/uploads\/2026\/02\/intertool-logo-rgb-72dpi-300x212.jpg","datePublished":"2026-02-24T13:25:53+00:00","dateModified":"2026-04-07T13:22:55+00:00","breadcrumb":{"@id":"https:\/\/imk-ema.com\/event\/intertool-2026-oesterreichs-groesste-und-innovativste-b2b-fachmesse-im-bereich-der-produzierenden-industrie\/#breadcrumb"},"inLanguage":"en-GB","potentialAction":[{"@type":"ReadAction","target":["https:\/\/imk-ema.com\/event\/intertool-2026-oesterreichs-groesste-und-innovativste-b2b-fachmesse-im-bereich-der-produzierenden-industrie\/"]}]},{"@type":"ImageObject","inLanguage":"en-GB","@id":"https:\/\/imk-ema.com\/event\/intertool-2026-oesterreichs-groesste-und-innovativste-b2b-fachmesse-im-bereich-der-produzierenden-industrie\/#primaryimage","url":"https:\/\/imk-ema.com\/wp-content\/uploads\/2026\/02\/intertool-logo-rgb-72dpi-300x212.jpg","contentUrl":"https:\/\/imk-ema.com\/wp-content\/uploads\/2026\/02\/intertool-logo-rgb-72dpi-300x212.jpg"},{"@type":"BreadcrumbList","@id":"https:\/\/imk-ema.com\/event\/intertool-2026-oesterreichs-groesste-und-innovativste-b2b-fachmesse-im-bereich-der-produzierenden-industrie\/#breadcrumb","itemListElement":[{"@type":"ListItem","position":1,"name":"Startseite","item":"https:\/\/imk-ema.com\/"},{"@type":"ListItem","position":2,"name":"Veranstaltungen","item":"https:\/\/imk-ema.com\/events\/"},{"@type":"ListItem","position":3,"name":"Intertool 2026 &#8211; \u00d6sterreichs gr\u00f6\u00dfte und innovativste B2B-Fachmesse im Bereich der produzierenden Industrie"}]},{"@type":"WebSite","@id":"https:\/\/imk-ema.com\/#website","url":"https:\/\/imk-ema.com\/","name":"ema Software Suite","description":"Virtual Planning - Real Value","publisher":{"@id":"https:\/\/imk-ema.com\/#organization"},"alternateName":"imk ema","potentialAction":[{"@type":"SearchAction","target":{"@type":"EntryPoint","urlTemplate":"https:\/\/imk-ema.com\/?s={search_term_string}"},"query-input":{"@type":"PropertyValueSpecification","valueRequired":true,"valueName":"search_term_string"}}],"inLanguage":"en-GB"},{"@type":"Organization","@id":"https:\/\/imk-ema.com\/#organization","name":"ema Software Suite","alternateName":"imk ema","url":"https:\/\/imk-ema.com\/","logo":{"@type":"ImageObject","inLanguage":"en-GB","@id":"https:\/\/imk-ema.com\/#\/schema\/logo\/image\/","url":"https:\/\/imk-ema.com\/wp-content\/uploads\/2023\/05\/ema_sws_icon.png","contentUrl":"https:\/\/imk-ema.com\/wp-content\/uploads\/2023\/05\/ema_sws_icon.png","width":1280,"height":1280,"caption":"ema Software Suite"},"image":{"@id":"https:\/\/imk-ema.com\/#\/schema\/logo\/image\/"},"sameAs":["https:\/\/www.facebook.com\/imkautomotive\/","https:\/\/www.linkedin.com\/company\/imk-automotive-gmbh\/","https:\/\/www.youtube.com\/channel\/UC_t8YCZ4V6R4Se1SXZK2_UQ","https:\/\/www.instagram.com\/imk_career\/","https:\/\/www.xing.com\/pages\/imkautomotivegmbh"]}]}},"_links":{"self":[{"href":"https:\/\/imk-ema.com\/en\/wp-json\/wp\/v2\/tribe_events\/15899","targetHints":{"allow":["GET"]}}],"collection":[{"href":"https:\/\/imk-ema.com\/en\/wp-json\/wp\/v2\/tribe_events"}],"about":[{"href":"https:\/\/imk-ema.com\/en\/wp-json\/wp\/v2\/types\/tribe_events"}],"author":[{"embeddable":true,"href":"https:\/\/imk-ema.com\/en\/wp-json\/wp\/v2\/users\/799"}],"version-history":[{"count":8,"href":"https:\/\/imk-ema.com\/en\/wp-json\/wp\/v2\/tribe_events\/15899\/revisions"}],"predecessor-version":[{"id":16238,"href":"https:\/\/imk-ema.com\/en\/wp-json\/wp\/v2\/tribe_events\/15899\/revisions\/16238"}],"wp:attachment":[{"href":"https:\/\/imk-ema.com\/en\/wp-json\/wp\/v2\/media?parent=15899"}],"wp:term":[{"taxonomy":"post_tag","embeddable":true,"href":"https:\/\/imk-ema.com\/en\/wp-json\/wp\/v2\/tags?post=15899"},{"taxonomy":"tribe_events_cat","embeddable":true,"href":"https:\/\/imk-ema.com\/en\/wp-json\/wp\/v2\/tribe_events_cat?post=15899"}],"curies":[{"name":"wp","href":"https:\/\/api.w.org\/{rel}","templated":true}]}}